{"id":326,"date":"2020-04-04T16:59:49","date_gmt":"2020-04-04T14:59:49","guid":{"rendered":"https:\/\/alsaprint.fr\/imprimerie\/?page_id=326"},"modified":"2020-04-15T11:30:33","modified_gmt":"2020-04-15T09:30:33","slug":"signaletique-et-gravure","status":"publish","type":"page","link":"https:\/\/alsaprint.fr\/imprimerie\/signaletique-et-gravure\/","title":{"rendered":"Signal\u00e9tique et Gravure"},"content":{"rendered":"\t\t<div data-elementor-type=\"wp-page\" data-elementor-id=\"326\" class=\"elementor elementor-326\">\n\t\t\t\t\t\t<section class=\"elementor-section elementor-top-section elementor-element elementor-element-6b4745f elementor-section-boxed elementor-section-height-default elementor-section-height-default\" data-id=\"6b4745f\" data-element_type=\"section\" data-e-type=\"section\">\n\t\t\t\t\t\t<div class=\"elementor-container elementor-column-gap-default\">\n\t\t\t\t\t<div class=\"elementor-column elementor-col-100 elementor-top-column elementor-element elementor-element-955c050\" data-id=\"955c050\" data-element_type=\"column\" data-e-type=\"column\">\n\t\t\t<div class=\"elementor-widget-wrap elementor-element-populated\">\n\t\t\t\t\t\t<div class=\"elementor-element elementor-element-3861758 elementor-widget elementor-widget-image\" data-id=\"3861758\" data-element_type=\"widget\" data-e-type=\"widget\" data-widget_type=\"image.default\">\n\t\t\t\t<div class=\"elementor-widget-container\">\n\t\t\t\t\t\t\t\t\t\t\t\t\t\t\t<img data-opt-id=1370630788  fetchpriority=\"high\" decoding=\"async\" width=\"800\" height=\"445\" src=\"https:\/\/ml1ap7ge16lj.i.optimole.com\/cb:crSG~56220\/w:800\/h:445\/q:mauto\/f:best\/https:\/\/alsaprint.fr\/imprimerie\/wp-content\/uploads\/2020\/04\/gravure.jpg\" class=\"attachment-large size-large wp-image-507\" alt=\"alsaprint-gravure\" srcset=\"https:\/\/ml1ap7ge16lj.i.optimole.com\/cb:crSG~56220\/w:800\/h:445\/q:mauto\/f:best\/https:\/\/alsaprint.fr\/imprimerie\/wp-content\/uploads\/2020\/04\/gravure.jpg 800w, https:\/\/ml1ap7ge16lj.i.optimole.com\/cb:crSG~56220\/w:300\/h:167\/q:mauto\/f:best\/https:\/\/alsaprint.fr\/imprimerie\/wp-content\/uploads\/2020\/04\/gravure.jpg 300w, https:\/\/ml1ap7ge16lj.i.optimole.com\/cb:crSG~56220\/w:768\/h:427\/q:mauto\/f:best\/https:\/\/alsaprint.fr\/imprimerie\/wp-content\/uploads\/2020\/04\/gravure.jpg 768w, https:\/\/ml1ap7ge16lj.i.optimole.com\/cb:crSG~56220\/w:720\/h:401\/q:mauto\/f:best\/https:\/\/alsaprint.fr\/imprimerie\/wp-content\/uploads\/2020\/04\/gravure.jpg 720w\" sizes=\"(max-width: 800px) 100vw, 800px\" \/>\t\t\t\t\t\t\t\t\t\t\t\t\t\t\t<\/div>\n\t\t\t\t<\/div>\n\t\t\t\t<div class=\"elementor-element elementor-element-d082164 elementor-widget elementor-widget-text-editor\" data-id=\"d082164\" data-element_type=\"widget\" data-e-type=\"widget\" data-widget_type=\"text-editor.default\">\n\t\t\t\t<div class=\"elementor-widget-container\">\n\t\t\t\t\t\t\t\t\t<p><strong>Toute votre signal\u00e9tique grav\u00e9e sur mesure en petites et moyennes s\u00e9ries pour le professionnel et le particulier<\/strong><\/p><p><span style=\"color: #0000ff;\">Pas de quantit\u00e9 minimum, pas de formes ni de tailles standards<\/span><\/p>\t\t\t\t\t\t\t\t<\/div>\n\t\t\t\t<\/div>\n\t\t\t\t<div class=\"elementor-element elementor-element-2bc8b0c elementor-widget elementor-widget-heading\" data-id=\"2bc8b0c\" data-element_type=\"widget\" data-e-type=\"widget\" data-widget_type=\"heading.default\">\n\t\t\t\t<div class=\"elementor-widget-container\">\n\t\t\t\t\t<h4 class=\"elementor-heading-title elementor-size-default\">Signal\u00e9tique int\u00e9rieure<\/h4>\t\t\t\t<\/div>\n\t\t\t\t<\/div>\n\t\t\t\t<div class=\"elementor-element elementor-element-c14cd81 elementor-widget elementor-widget-image\" data-id=\"c14cd81\" data-element_type=\"widget\" data-e-type=\"widget\" data-widget_type=\"image.default\">\n\t\t\t\t<div class=\"elementor-widget-container\">\n\t\t\t\t\t\t\t\t\t\t\t\t\t\t\t<img data-opt-id=1794539130  decoding=\"async\" width=\"750\" height=\"200\" src=\"https:\/\/ml1ap7ge16lj.i.optimole.com\/cb:crSG~56220\/w:750\/h:200\/q:mauto\/f:best\/https:\/\/alsaprint.fr\/imprimerie\/wp-content\/uploads\/2020\/04\/plaque-pvc-inter-gravee.jpg\" class=\"attachment-large size-large wp-image-508\" alt=\"alsaprint-gravure\" srcset=\"https:\/\/ml1ap7ge16lj.i.optimole.com\/cb:crSG~56220\/w:750\/h:200\/q:mauto\/f:best\/https:\/\/alsaprint.fr\/imprimerie\/wp-content\/uploads\/2020\/04\/plaque-pvc-inter-gravee.jpg 750w, https:\/\/ml1ap7ge16lj.i.optimole.com\/cb:crSG~56220\/w:300\/h:80\/q:mauto\/f:best\/https:\/\/alsaprint.fr\/imprimerie\/wp-content\/uploads\/2020\/04\/plaque-pvc-inter-gravee.jpg 300w, https:\/\/ml1ap7ge16lj.i.optimole.com\/cb:crSG~56220\/w:720\/h:192\/q:mauto\/f:best\/https:\/\/alsaprint.fr\/imprimerie\/wp-content\/uploads\/2020\/04\/plaque-pvc-inter-gravee.jpg 720w\" sizes=\"(max-width: 750px) 100vw, 750px\" \/>\t\t\t\t\t\t\t\t\t\t\t\t\t\t\t<\/div>\n\t\t\t\t<\/div>\n\t\t\t\t<div class=\"elementor-element elementor-element-77d5718 elementor-widget elementor-widget-heading\" data-id=\"77d5718\" data-element_type=\"widget\" data-e-type=\"widget\" data-widget_type=\"heading.default\">\n\t\t\t\t<div class=\"elementor-widget-container\">\n\t\t\t\t\t<h4 class=\"elementor-heading-title elementor-size-default\">Signal\u00e9tique ext\u00e9rieure<\/h4>\t\t\t\t<\/div>\n\t\t\t\t<\/div>\n\t\t\t\t<div class=\"elementor-element elementor-element-bbc73d3 elementor-widget elementor-widget-image\" data-id=\"bbc73d3\" data-element_type=\"widget\" data-e-type=\"widget\" data-widget_type=\"image.default\">\n\t\t\t\t<div class=\"elementor-widget-container\">\n\t\t\t\t\t\t\t\t\t\t\t\t\t\t\t<img data-opt-id=1708649611  decoding=\"async\" width=\"750\" height=\"200\" src=\"https:\/\/ml1ap7ge16lj.i.optimole.com\/cb:crSG~56220\/w:750\/h:200\/q:mauto\/f:best\/https:\/\/alsaprint.fr\/imprimerie\/wp-content\/uploads\/2020\/04\/plaque-pvc-gravure.jpg\" class=\"attachment-large size-large wp-image-509\" alt=\"alsaprint-gravure\" srcset=\"https:\/\/ml1ap7ge16lj.i.optimole.com\/cb:crSG~56220\/w:750\/h:200\/q:mauto\/f:best\/https:\/\/alsaprint.fr\/imprimerie\/wp-content\/uploads\/2020\/04\/plaque-pvc-gravure.jpg 750w, https:\/\/ml1ap7ge16lj.i.optimole.com\/cb:crSG~56220\/w:300\/h:80\/q:mauto\/f:best\/https:\/\/alsaprint.fr\/imprimerie\/wp-content\/uploads\/2020\/04\/plaque-pvc-gravure.jpg 300w, https:\/\/ml1ap7ge16lj.i.optimole.com\/cb:crSG~56220\/w:720\/h:192\/q:mauto\/f:best\/https:\/\/alsaprint.fr\/imprimerie\/wp-content\/uploads\/2020\/04\/plaque-pvc-gravure.jpg 720w\" sizes=\"(max-width: 750px) 100vw, 750px\" \/>\t\t\t\t\t\t\t\t\t\t\t\t\t\t\t<\/div>\n\t\t\t\t<\/div>\n\t\t\t\t<div class=\"elementor-element elementor-element-60a7f1a elementor-widget elementor-widget-text-editor\" data-id=\"60a7f1a\" data-element_type=\"widget\" data-e-type=\"widget\" data-widget_type=\"text-editor.default\">\n\t\t\t\t<div class=\"elementor-widget-container\">\n\t\t\t\t\t\t\t\t\t<p><strong style=\"box-sizing: inherit; font-weight: bold; color: #3366ff; font-family: helvetica; font-size: small; text-align: center;\">Badges, porte-cl\u00e9s, signalisation, machines, s\u00e9curit\u00e9, interphone, bo\u00eete aux lettres, voiture, plaque de porte&#8230;<\/strong><\/p>\t\t\t\t\t\t\t\t<\/div>\n\t\t\t\t<\/div>\n\t\t\t\t<div class=\"elementor-element elementor-element-e0f3abd elementor-widget elementor-widget-heading\" data-id=\"e0f3abd\" data-element_type=\"widget\" data-e-type=\"widget\" data-widget_type=\"heading.default\">\n\t\t\t\t<div class=\"elementor-widget-container\">\n\t\t\t\t\t<h2 class=\"elementor-heading-title elementor-size-default\">Pliage de plaques grav\u00e9es<\/h2>\t\t\t\t<\/div>\n\t\t\t\t<\/div>\n\t\t\t\t<div class=\"elementor-element elementor-element-bdb6b47 elementor-widget elementor-widget-image\" data-id=\"bdb6b47\" data-element_type=\"widget\" data-e-type=\"widget\" data-widget_type=\"image.default\">\n\t\t\t\t<div class=\"elementor-widget-container\">\n\t\t\t\t\t\t\t\t\t\t\t\t\t\t\t<img data-opt-id=804110836  loading=\"lazy\" decoding=\"async\" width=\"800\" height=\"533\" src=\"https:\/\/ml1ap7ge16lj.i.optimole.com\/cb:crSG~56220\/w:800\/h:533\/q:mauto\/f:best\/https:\/\/alsaprint.fr\/imprimerie\/wp-content\/uploads\/2020\/04\/pliage-1.jpg\" class=\"attachment-large size-large wp-image-512\" alt=\"alsaprint-gravure\" srcset=\"https:\/\/ml1ap7ge16lj.i.optimole.com\/cb:crSG~56220\/w:800\/h:533\/q:mauto\/f:best\/https:\/\/alsaprint.fr\/imprimerie\/wp-content\/uploads\/2020\/04\/pliage-1.jpg 800w, https:\/\/ml1ap7ge16lj.i.optimole.com\/cb:crSG~56220\/w:300\/h:200\/q:mauto\/f:best\/https:\/\/alsaprint.fr\/imprimerie\/wp-content\/uploads\/2020\/04\/pliage-1.jpg 300w, https:\/\/ml1ap7ge16lj.i.optimole.com\/cb:crSG~56220\/w:768\/h:512\/q:mauto\/f:best\/https:\/\/alsaprint.fr\/imprimerie\/wp-content\/uploads\/2020\/04\/pliage-1.jpg 768w, https:\/\/ml1ap7ge16lj.i.optimole.com\/cb:crSG~56220\/w:720\/h:480\/q:mauto\/f:best\/https:\/\/alsaprint.fr\/imprimerie\/wp-content\/uploads\/2020\/04\/pliage-1.jpg 720w\" sizes=\"(max-width: 800px) 100vw, 800px\" \/>\t\t\t\t\t\t\t\t\t\t\t\t\t\t\t<\/div>\n\t\t\t\t<\/div>\n\t\t\t\t<div class=\"elementor-element elementor-element-5ee0ded elementor-widget elementor-widget-text-editor\" data-id=\"5ee0ded\" data-element_type=\"widget\" data-e-type=\"widget\" data-widget_type=\"text-editor.default\">\n\t\t\t\t<div class=\"elementor-widget-container\">\n\t\t\t\t\t\t\t\t\t<p>Toutes nos plaques grav\u00e9es peuvent \u00eatre pli\u00e9es \u00e0 volont\u00e9 pour en faire des chevalets par exemple.<\/p>\t\t\t\t\t\t\t\t<\/div>\n\t\t\t\t<\/div>\n\t\t\t\t<div class=\"elementor-element elementor-element-27f1eef elementor-widget elementor-widget-image\" data-id=\"27f1eef\" data-element_type=\"widget\" data-e-type=\"widget\" data-widget_type=\"image.default\">\n\t\t\t\t<div class=\"elementor-widget-container\">\n\t\t\t\t\t\t\t\t\t\t\t\t\t\t\t<img data-opt-id=1560124857  loading=\"lazy\" decoding=\"async\" width=\"600\" height=\"198\" src=\"https:\/\/ml1ap7ge16lj.i.optimole.com\/cb:crSG~56220\/w:600\/h:198\/q:mauto\/f:best\/https:\/\/alsaprint.fr\/imprimerie\/wp-content\/uploads\/2020\/04\/gravure-bois.png\" class=\"attachment-large size-large wp-image-513\" alt=\"alsaprint-gravure-bois\" srcset=\"https:\/\/ml1ap7ge16lj.i.optimole.com\/cb:crSG~56220\/w:600\/h:198\/q:mauto\/f:best\/https:\/\/alsaprint.fr\/imprimerie\/wp-content\/uploads\/2020\/04\/gravure-bois.png 600w, https:\/\/ml1ap7ge16lj.i.optimole.com\/cb:crSG~56220\/w:300\/h:99\/q:mauto\/f:best\/https:\/\/alsaprint.fr\/imprimerie\/wp-content\/uploads\/2020\/04\/gravure-bois.png 300w\" sizes=\"(max-width: 600px) 100vw, 600px\" \/>\t\t\t\t\t\t\t\t\t\t\t\t\t\t\t<\/div>\n\t\t\t\t<\/div>\n\t\t\t\t<div class=\"elementor-element elementor-element-89212dd elementor-widget elementor-widget-text-editor\" data-id=\"89212dd\" data-element_type=\"widget\" data-e-type=\"widget\" data-widget_type=\"text-editor.default\">\n\t\t\t\t<div class=\"elementor-widget-container\">\n\t\t\t\t\t\t\t\t\t<p>Bois de h\u00eatre vernis de 2 mm d&rsquo;\u00e9paisseur grav\u00e9 au laser<\/p>\t\t\t\t\t\t\t\t<\/div>\n\t\t\t\t<\/div>\n\t\t\t\t<div class=\"elementor-element elementor-element-e610525 elementor-widget elementor-widget-heading\" data-id=\"e610525\" data-element_type=\"widget\" data-e-type=\"widget\" data-widget_type=\"heading.default\">\n\t\t\t\t<div class=\"elementor-widget-container\">\n\t\t\t\t\t<h2 class=\"elementor-heading-title elementor-size-default\">Stylos bois grav\u00e9s<\/h2>\t\t\t\t<\/div>\n\t\t\t\t<\/div>\n\t\t\t\t\t<\/div>\n\t\t<\/div>\n\t\t\t\t\t<\/div>\n\t\t<\/section>\n\t\t\t\t<section class=\"elementor-section elementor-top-section elementor-element elementor-element-4ffafa6 elementor-section-boxed elementor-section-height-default elementor-section-height-default\" data-id=\"4ffafa6\" data-element_type=\"section\" data-e-type=\"section\">\n\t\t\t\t\t\t<div class=\"elementor-container elementor-column-gap-default\">\n\t\t\t\t\t<div class=\"elementor-column elementor-col-50 elementor-top-column elementor-element elementor-element-3df1c5d\" data-id=\"3df1c5d\" data-element_type=\"column\" data-e-type=\"column\">\n\t\t\t<div class=\"elementor-widget-wrap elementor-element-populated\">\n\t\t\t\t\t\t<div class=\"elementor-element elementor-element-1bbdf0d elementor-widget elementor-widget-image\" data-id=\"1bbdf0d\" data-element_type=\"widget\" data-e-type=\"widget\" data-widget_type=\"image.default\">\n\t\t\t\t<div class=\"elementor-widget-container\">\n\t\t\t\t\t\t\t\t\t\t\t\t\t\t\t<img data-opt-id=1501148729  loading=\"lazy\" decoding=\"async\" width=\"300\" height=\"225\" src=\"https:\/\/ml1ap7ge16lj.i.optimole.com\/cb:crSG~56220\/w:300\/h:225\/q:mauto\/f:best\/https:\/\/alsaprint.fr\/imprimerie\/wp-content\/uploads\/2020\/04\/stylo-bois-gravure-danny.png\" class=\"attachment-large size-large wp-image-514\" alt=\"alsaprint-gravure-stylo\" \/>\t\t\t\t\t\t\t\t\t\t\t\t\t\t\t<\/div>\n\t\t\t\t<\/div>\n\t\t\t\t\t<\/div>\n\t\t<\/div>\n\t\t\t\t<div class=\"elementor-column elementor-col-50 elementor-top-column elementor-element elementor-element-fc44f7b\" data-id=\"fc44f7b\" data-element_type=\"column\" data-e-type=\"column\">\n\t\t\t<div class=\"elementor-widget-wrap elementor-element-populated\">\n\t\t\t\t\t\t<div class=\"elementor-element elementor-element-aed2249 elementor-widget elementor-widget-image\" data-id=\"aed2249\" data-element_type=\"widget\" data-e-type=\"widget\" data-widget_type=\"image.default\">\n\t\t\t\t<div class=\"elementor-widget-container\">\n\t\t\t\t\t\t\t\t\t\t\t\t\t\t\t<img data-opt-id=1119898105  loading=\"lazy\" decoding=\"async\" width=\"300\" height=\"225\" src=\"https:\/\/ml1ap7ge16lj.i.optimole.com\/cb:crSG~56220\/w:300\/h:225\/q:mauto\/f:best\/https:\/\/alsaprint.fr\/imprimerie\/wp-content\/uploads\/2020\/04\/stylo-bois-gravure-adresse.png\" class=\"attachment-large size-large wp-image-515\" alt=\"alsaprint-gravure-stylo\" \/>\t\t\t\t\t\t\t\t\t\t\t\t\t\t\t<\/div>\n\t\t\t\t<\/div>\n\t\t\t\t\t<\/div>\n\t\t<\/div>\n\t\t\t\t\t<\/div>\n\t\t<\/section>\n\t\t\t\t<section class=\"elementor-section elementor-top-section elementor-element elementor-element-6e85e57 elementor-section-boxed elementor-section-height-default elementor-section-height-default\" data-id=\"6e85e57\" data-element_type=\"section\" data-e-type=\"section\">\n\t\t\t\t\t\t<div class=\"elementor-container elementor-column-gap-default\">\n\t\t\t\t\t<div class=\"elementor-column elementor-col-100 elementor-top-column elementor-element elementor-element-bb71a19\" data-id=\"bb71a19\" data-element_type=\"column\" data-e-type=\"column\">\n\t\t\t<div class=\"elementor-widget-wrap elementor-element-populated\">\n\t\t\t\t\t\t<div class=\"elementor-element elementor-element-61a3c76 elementor-widget elementor-widget-text-editor\" data-id=\"61a3c76\" data-element_type=\"widget\" data-e-type=\"widget\" data-widget_type=\"text-editor.default\">\n\t\t\t\t<div class=\"elementor-widget-container\">\n\t\t\t\t\t\t\t\t\t<p>Une id\u00e9e pour un cadeau simple mais toujours appr\u00e9ci\u00e9, le stylo en bois grav\u00e9<\/p><p>soit au nom de votre soci\u00e9t\u00e9, soit au nom du b\u00e9n\u00e9ficiaire du cadeau.<\/p>\t\t\t\t\t\t\t\t<\/div>\n\t\t\t\t<\/div>\n\t\t\t\t<div class=\"elementor-element elementor-element-7c051f4 elementor-widget elementor-widget-heading\" data-id=\"7c051f4\" data-element_type=\"widget\" data-e-type=\"widget\" data-widget_type=\"heading.default\">\n\t\t\t\t<div class=\"elementor-widget-container\">\n\t\t\t\t\t<h2 class=\"elementor-heading-title elementor-size-default\">Plaque porte-nom de bureau<\/h2>\t\t\t\t<\/div>\n\t\t\t\t<\/div>\n\t\t\t\t<div class=\"elementor-element elementor-element-7c1872c elementor-widget elementor-widget-image\" data-id=\"7c1872c\" data-element_type=\"widget\" data-e-type=\"widget\" data-widget_type=\"image.default\">\n\t\t\t\t<div class=\"elementor-widget-container\">\n\t\t\t\t\t\t\t\t\t\t\t\t\t\t\t<img data-opt-id=1675185300  loading=\"lazy\" decoding=\"async\" width=\"400\" height=\"267\" src=\"https:\/\/ml1ap7ge16lj.i.optimole.com\/cb:crSG~56220\/w:400\/h:267\/q:mauto\/f:best\/https:\/\/alsaprint.fr\/imprimerie\/wp-content\/uploads\/2020\/04\/porte-nom1-gravure.jpg\" class=\"attachment-large size-large wp-image-516\" alt=\"alsaprint-gravure\" srcset=\"https:\/\/ml1ap7ge16lj.i.optimole.com\/cb:crSG~56220\/w:400\/h:267\/q:mauto\/f:best\/https:\/\/alsaprint.fr\/imprimerie\/wp-content\/uploads\/2020\/04\/porte-nom1-gravure.jpg 400w, https:\/\/ml1ap7ge16lj.i.optimole.com\/cb:crSG~56220\/w:300\/h:200\/q:mauto\/f:best\/https:\/\/alsaprint.fr\/imprimerie\/wp-content\/uploads\/2020\/04\/porte-nom1-gravure.jpg 300w\" sizes=\"(max-width: 400px) 100vw, 400px\" \/>\t\t\t\t\t\t\t\t\t\t\t\t\t\t\t<\/div>\n\t\t\t\t<\/div>\n\t\t\t\t<div class=\"elementor-element elementor-element-9718557 elementor-widget elementor-widget-spacer\" data-id=\"9718557\" data-element_type=\"widget\" data-e-type=\"widget\" data-widget_type=\"spacer.default\">\n\t\t\t\t<div class=\"elementor-widget-container\">\n\t\t\t\t\t\t\t<div class=\"elementor-spacer\">\n\t\t\t<div class=\"elementor-spacer-inner\"><\/div>\n\t\t<\/div>\n\t\t\t\t\t\t<\/div>\n\t\t\t\t<\/div>\n\t\t\t\t<div class=\"elementor-element elementor-element-4ef45ad elementor-widget elementor-widget-heading\" data-id=\"4ef45ad\" data-element_type=\"widget\" data-e-type=\"widget\" data-widget_type=\"heading.default\">\n\t\t\t\t<div class=\"elementor-widget-container\">\n\t\t\t\t\t<h2 class=\"elementor-heading-title elementor-size-default\">Porte-cl\u00e9s bois personnalis\u00e9s<\/h2>\t\t\t\t<\/div>\n\t\t\t\t<\/div>\n\t\t\t\t\t<\/div>\n\t\t<\/div>\n\t\t\t\t\t<\/div>\n\t\t<\/section>\n\t\t\t\t<section class=\"elementor-section elementor-top-section elementor-element elementor-element-936f309 elementor-section-boxed elementor-section-height-default elementor-section-height-default\" data-id=\"936f309\" data-element_type=\"section\" data-e-type=\"section\">\n\t\t\t\t\t\t<div class=\"elementor-container elementor-column-gap-default\">\n\t\t\t\t\t<div class=\"elementor-column elementor-col-50 elementor-top-column elementor-element elementor-element-96746d2\" data-id=\"96746d2\" data-element_type=\"column\" data-e-type=\"column\">\n\t\t\t<div class=\"elementor-widget-wrap elementor-element-populated\">\n\t\t\t\t\t\t<div class=\"elementor-element elementor-element-e7360dc elementor-widget elementor-widget-text-editor\" data-id=\"e7360dc\" data-element_type=\"widget\" data-e-type=\"widget\" data-widget_type=\"text-editor.default\">\n\t\t\t\t<div class=\"elementor-widget-container\">\n\t\t\t\t\t\t\t\t\t<p>Votre message sera superbement grav\u00e9 au laser sur une ou deux faces avec la possibilit\u00e9 gratuite de personnaliser chaque pi\u00e8ce avec les noms de chaque heureux destinataire.\u00a0<\/p><p>Ils sont disponibles en petites quantit\u00e9s et m\u00eame \u00e0 l&rsquo;unit\u00e9 pour un cadeau individualis\u00e9.<\/p><p>Poids : 15g<br \/>Couleur : h\u00eatre<br \/>Dimensions : 87 x 33 x 7mm<br \/>Mati\u00e8re : bois\/m\u00e9tal<\/p>\t\t\t\t\t\t\t\t<\/div>\n\t\t\t\t<\/div>\n\t\t\t\t\t<\/div>\n\t\t<\/div>\n\t\t\t\t<div class=\"elementor-column elementor-col-50 elementor-top-column elementor-element elementor-element-81321fe\" data-id=\"81321fe\" data-element_type=\"column\" data-e-type=\"column\">\n\t\t\t<div class=\"elementor-widget-wrap elementor-element-populated\">\n\t\t\t\t\t\t<div class=\"elementor-element elementor-element-0f87608 elementor-widget elementor-widget-spacer\" data-id=\"0f87608\" data-element_type=\"widget\" data-e-type=\"widget\" data-widget_type=\"spacer.default\">\n\t\t\t\t<div class=\"elementor-widget-container\">\n\t\t\t\t\t\t\t<div class=\"elementor-spacer\">\n\t\t\t<div class=\"elementor-spacer-inner\"><\/div>\n\t\t<\/div>\n\t\t\t\t\t\t<\/div>\n\t\t\t\t<\/div>\n\t\t\t\t<div class=\"elementor-element elementor-element-6526760 elementor-widget elementor-widget-image\" data-id=\"6526760\" data-element_type=\"widget\" data-e-type=\"widget\" data-widget_type=\"image.default\">\n\t\t\t\t<div class=\"elementor-widget-container\">\n\t\t\t\t\t\t\t\t\t\t\t\t\t\t\t\t<a href=\"https:\/\/ml1ap7ge16lj.i.optimole.com\/cb:crSG~56220\/w:auto\/h:auto\/q:mauto\/f:best\/https:\/\/alsaprint.fr\/imprimerie\/wp-content\/uploads\/2020\/04\/porte-cle-bois-grave.jpg\" data-elementor-open-lightbox=\"yes\" data-elementor-lightbox-title=\"alsaprint-porte-cle-bois\" data-elementor-lightbox-description=\"alsaprint-porte-cle-bois\" data-e-action-hash=\"#elementor-action%3Aaction%3Dlightbox%26settings%3DeyJpZCI6NTE3LCJ1cmwiOiJodHRwczpcL1wvYWxzYXByaW50LmZyXC9pbXByaW1lcmllXC93cC1jb250ZW50XC91cGxvYWRzXC8yMDIwXC8wNFwvcG9ydGUtY2xlLWJvaXMtZ3JhdmUuanBnIn0%3D\">\n\t\t\t\t\t\t\t<img data-opt-id=698712855  loading=\"lazy\" decoding=\"async\" width=\"300\" height=\"300\" src=\"https:\/\/ml1ap7ge16lj.i.optimole.com\/cb:crSG~56220\/w:300\/h:300\/q:mauto\/f:best\/https:\/\/alsaprint.fr\/imprimerie\/wp-content\/uploads\/2020\/04\/porte-cle-bois-grave.jpg\" class=\"attachment-large size-large wp-image-517\" alt=\"alsaprint-porte-cle-bois\" srcset=\"https:\/\/ml1ap7ge16lj.i.optimole.com\/cb:crSG~56220\/w:300\/h:300\/q:mauto\/f:best\/https:\/\/alsaprint.fr\/imprimerie\/wp-content\/uploads\/2020\/04\/porte-cle-bois-grave.jpg 300w, https:\/\/ml1ap7ge16lj.i.optimole.com\/cb:crSG~56220\/w:150\/h:150\/q:mauto\/f:best\/https:\/\/alsaprint.fr\/imprimerie\/wp-content\/uploads\/2020\/04\/porte-cle-bois-grave.jpg 150w\" sizes=\"(max-width: 300px) 100vw, 300px\" \/>\t\t\t\t\t\t\t\t<\/a>\n\t\t\t\t\t\t\t\t\t\t\t\t\t\t\t<\/div>\n\t\t\t\t<\/div>\n\t\t\t\t\t<\/div>\n\t\t<\/div>\n\t\t\t\t\t<\/div>\n\t\t<\/section>\n\t\t\t\t<section class=\"elementor-section elementor-top-section elementor-element elementor-element-4ae34f2 elementor-section-boxed elementor-section-height-default elementor-section-height-default\" data-id=\"4ae34f2\" data-element_type=\"section\" data-e-type=\"section\">\n\t\t\t\t\t\t<div class=\"elementor-container elementor-column-gap-default\">\n\t\t\t\t\t<div class=\"elementor-column elementor-col-100 elementor-top-column elementor-element elementor-element-b329be5\" data-id=\"b329be5\" data-element_type=\"column\" data-e-type=\"column\">\n\t\t\t<div class=\"elementor-widget-wrap elementor-element-populated\">\n\t\t\t\t\t\t<div class=\"elementor-element elementor-element-ffadaa0 elementor-widget elementor-widget-spacer\" data-id=\"ffadaa0\" data-element_type=\"widget\" data-e-type=\"widget\" data-widget_type=\"spacer.default\">\n\t\t\t\t<div class=\"elementor-widget-container\">\n\t\t\t\t\t\t\t<div class=\"elementor-spacer\">\n\t\t\t<div class=\"elementor-spacer-inner\"><\/div>\n\t\t<\/div>\n\t\t\t\t\t\t<\/div>\n\t\t\t\t<\/div>\n\t\t\t\t<div class=\"elementor-element elementor-element-b27e33f elementor-widget elementor-widget-heading\" data-id=\"b27e33f\" data-element_type=\"widget\" data-e-type=\"widget\" data-widget_type=\"heading.default\">\n\t\t\t\t<div class=\"elementor-widget-container\">\n\t\t\t\t\t<h2 class=\"elementor-heading-title elementor-size-default\">Porte-cl\u00e9s m\u00e9tal personnalis\u00e9s<\/h2>\t\t\t\t<\/div>\n\t\t\t\t<\/div>\n\t\t\t\t\t<\/div>\n\t\t<\/div>\n\t\t\t\t\t<\/div>\n\t\t<\/section>\n\t\t\t\t<section class=\"elementor-section elementor-top-section elementor-element elementor-element-7fb778e elementor-section-boxed elementor-section-height-default elementor-section-height-default\" data-id=\"7fb778e\" data-element_type=\"section\" data-e-type=\"section\">\n\t\t\t\t\t\t<div class=\"elementor-container elementor-column-gap-default\">\n\t\t\t\t\t<div class=\"elementor-column elementor-col-50 elementor-top-column elementor-element elementor-element-2e8976a\" data-id=\"2e8976a\" data-element_type=\"column\" data-e-type=\"column\">\n\t\t\t<div class=\"elementor-widget-wrap elementor-element-populated\">\n\t\t\t\t\t\t<div class=\"elementor-element elementor-element-393d70d elementor-widget elementor-widget-image\" data-id=\"393d70d\" data-element_type=\"widget\" data-e-type=\"widget\" data-widget_type=\"image.default\">\n\t\t\t\t<div class=\"elementor-widget-container\">\n\t\t\t\t\t\t\t\t\t\t\t\t\t\t\t<img data-opt-id=1361668267  loading=\"lazy\" decoding=\"async\" width=\"800\" height=\"600\" src=\"https:\/\/ml1ap7ge16lj.i.optimole.com\/cb:crSG~56220\/w:800\/h:600\/q:mauto\/f:best\/https:\/\/alsaprint.fr\/imprimerie\/wp-content\/uploads\/2020\/04\/porte-cle-carre-4.jpg\" class=\"attachment-large size-large wp-image-652\" alt=\"alsaprint-porte-cle-carre\" srcset=\"https:\/\/ml1ap7ge16lj.i.optimole.com\/cb:crSG~56220\/w:800\/h:600\/q:mauto\/f:best\/https:\/\/alsaprint.fr\/imprimerie\/wp-content\/uploads\/2020\/04\/porte-cle-carre-4.jpg 800w, https:\/\/ml1ap7ge16lj.i.optimole.com\/cb:crSG~56220\/w:300\/h:225\/q:mauto\/f:best\/https:\/\/alsaprint.fr\/imprimerie\/wp-content\/uploads\/2020\/04\/porte-cle-carre-4.jpg 300w, https:\/\/ml1ap7ge16lj.i.optimole.com\/cb:crSG~56220\/w:768\/h:576\/q:mauto\/f:best\/https:\/\/alsaprint.fr\/imprimerie\/wp-content\/uploads\/2020\/04\/porte-cle-carre-4.jpg 768w, https:\/\/ml1ap7ge16lj.i.optimole.com\/cb:crSG~56220\/w:720\/h:540\/q:mauto\/f:best\/https:\/\/alsaprint.fr\/imprimerie\/wp-content\/uploads\/2020\/04\/porte-cle-carre-4.jpg 720w\" sizes=\"(max-width: 800px) 100vw, 800px\" \/>\t\t\t\t\t\t\t\t\t\t\t\t\t\t\t<\/div>\n\t\t\t\t<\/div>\n\t\t\t\t\t<\/div>\n\t\t<\/div>\n\t\t\t\t<div class=\"elementor-column elementor-col-50 elementor-top-column elementor-element elementor-element-91b88d0\" data-id=\"91b88d0\" data-element_type=\"column\" data-e-type=\"column\">\n\t\t\t<div class=\"elementor-widget-wrap elementor-element-populated\">\n\t\t\t\t\t\t<div class=\"elementor-element elementor-element-a59c001 elementor-widget elementor-widget-image\" data-id=\"a59c001\" data-element_type=\"widget\" data-e-type=\"widget\" data-widget_type=\"image.default\">\n\t\t\t\t<div class=\"elementor-widget-container\">\n\t\t\t\t\t\t\t\t\t\t\t\t\t\t\t<img data-opt-id=2030784899  loading=\"lazy\" decoding=\"async\" width=\"151\" height=\"250\" src=\"https:\/\/ml1ap7ge16lj.i.optimole.com\/cb:crSG~56220\/w:151\/h:250\/q:mauto\/f:best\/https:\/\/alsaprint.fr\/imprimerie\/wp-content\/uploads\/2020\/04\/porte-cle-chien.png\" class=\"attachment-large size-large wp-image-654\" alt=\"alsaprint-porte-cle\" \/>\t\t\t\t\t\t\t\t\t\t\t\t\t\t\t<\/div>\n\t\t\t\t<\/div>\n\t\t\t\t\t<\/div>\n\t\t<\/div>\n\t\t\t\t\t<\/div>\n\t\t<\/section>\n\t\t\t\t<section class=\"elementor-section elementor-top-section elementor-element elementor-element-8453f56 elementor-section-boxed elementor-section-height-default elementor-section-height-default\" data-id=\"8453f56\" data-element_type=\"section\" data-e-type=\"section\">\n\t\t\t\t\t\t<div class=\"elementor-container elementor-column-gap-default\">\n\t\t\t\t\t<div class=\"elementor-column elementor-col-100 elementor-top-column elementor-element elementor-element-d8157ff\" data-id=\"d8157ff\" data-element_type=\"column\" data-e-type=\"column\">\n\t\t\t<div class=\"elementor-widget-wrap elementor-element-populated\">\n\t\t\t\t\t\t<div class=\"elementor-element elementor-element-20d552f elementor-widget elementor-widget-text-editor\" data-id=\"20d552f\" data-element_type=\"widget\" data-e-type=\"widget\" data-widget_type=\"text-editor.default\">\n\t\t\t\t<div class=\"elementor-widget-container\">\n\t\t\t\t\t\t\t\t\t<p>Une id\u00e9e originale pour un cadeau personnalis\u00e9 \u00e0 l&rsquo;occasion d&rsquo;un anniversaire, d&rsquo;un mariage, d&rsquo;un bapt\u00eame, pour la Saint-Valentin ou pour toute occasion particuli\u00e8re.<\/p><p>Recouverte d&rsquo;un d\u00f4me en\u00a0r\u00e9sine transparente\u00a0qui ne jaunit pas dans le temps, l&rsquo;image est prot\u00e9g\u00e9e des rayures, liquides, chocs et est\u00a0 plus attrayante gr\u00e2ce \u00e0 un\u00a0effet tridimensionnel.<\/p><p>Ils sont disponibles en petites quantit\u00e9s et m\u00eame \u00e0 l&rsquo;unit\u00e9 pour un cadeau individualis\u00e9.<\/p><p>Porte-cl\u00e9s rond en m\u00e9tal.<\/p><p>Couleur : argent<br \/>Dimensions : 0,4 x 4,5 x 3,5 cm<br \/>Poids : 22g<br \/>Dimension du d\u00f4me : 2.7 x 2.7 cm<\/p>\t\t\t\t\t\t\t\t<\/div>\n\t\t\t\t<\/div>\n\t\t\t\t<div class=\"elementor-element elementor-element-2fa0cfa elementor-widget elementor-widget-spacer\" data-id=\"2fa0cfa\" data-element_type=\"widget\" data-e-type=\"widget\" data-widget_type=\"spacer.default\">\n\t\t\t\t<div class=\"elementor-widget-container\">\n\t\t\t\t\t\t\t<div class=\"elementor-spacer\">\n\t\t\t<div class=\"elementor-spacer-inner\"><\/div>\n\t\t<\/div>\n\t\t\t\t\t\t<\/div>\n\t\t\t\t<\/div>\n\t\t\t\t<div class=\"elementor-element elementor-element-7e3ed7c elementor-widget elementor-widget-heading\" data-id=\"7e3ed7c\" data-element_type=\"widget\" data-e-type=\"widget\" data-widget_type=\"heading.default\">\n\t\t\t\t<div class=\"elementor-widget-container\">\n\t\t\t\t\t<h2 class=\"elementor-heading-title elementor-size-default\">Plaque professionnelle<\/h2>\t\t\t\t<\/div>\n\t\t\t\t<\/div>\n\t\t\t\t<div class=\"elementor-element elementor-element-bc614c3 elementor-widget elementor-widget-text-editor\" data-id=\"bc614c3\" data-element_type=\"widget\" data-e-type=\"widget\" data-widget_type=\"text-editor.default\">\n\t\t\t\t<div class=\"elementor-widget-container\">\n\t\t\t\t\t\t\t\t\t<p style=\"text-align: center;\">(Dimension standard de la plaque professionnelle: 20&#215;30 cm)<\/p><p style=\"text-align: center;\"><span style=\"color: #3366ff;\"><strong>Plaque standard satin\u00e9e grav\u00e9e c\u00f4t\u00e9 face<\/strong><\/span><\/p><p style=\"text-align: center;\"><a title=\"gravure plaque professionnelle standard\" href=\"https:\/\/www.gravure-plaque.net\/gravure\/plaque-professionnelle\/plaque-standard\" target=\"_self\"><img decoding=\"async\" decoding=async data-opt-id=1452011117  src=\"https:\/\/www.gravure-plaque.net\/gravure\/images\/stories\/gravure-plaque-eco.png\" alt=\"\" border=\"0\" \/><\/a><\/p><p style=\"text-align: center;\"><span style=\"color: #3366ff;\"><strong>Plaque standard brillante grav\u00e9e c\u00f4t\u00e9 envers<\/strong><\/span><\/p><p style=\"text-align: center;\"><a title=\"Plaque professionnelle classique\" href=\"https:\/\/www.gravure-plaque.net\/gravure\/plaque-professionnelle\/plaque-classique\" target=\"_self\"><img decoding=\"async\" decoding=async data-opt-id=879255965  src=\"https:\/\/www.gravure-plaque.net\/gravure\/images\/stories\/gravure-plaque-professionnelle.png\" alt=\"\" border=\"0\" \/><\/a><\/p><h5 style=\"text-align: center;\"><span style=\"color: #ff0000;\"><strong>NOUVEAU<\/strong><\/span><\/h5><p style=\"text-align: center;\"><span style=\"color: #3366ff;\"><strong>Plaque professionnelle en bois<\/strong><\/span><\/p><p style=\"text-align: center;\"><a href=\"https:\/\/www.gravure-plaque.net\/gravure\/plaque-professionnelle\/plaque-bois\" target=\"_self\"><img decoding=\"async\" decoding=async data-opt-id=1542104442  class=\"aligncenter\" src=\"https:\/\/www.gravure-plaque.net\/gravure\/images\/stories\/gravure-plaque-professionnelle-bois.png\" alt=\"\" width=\"300\" \/><\/a><\/p>\t\t\t\t\t\t\t\t<\/div>\n\t\t\t\t<\/div>\n\t\t\t\t<div class=\"elementor-element elementor-element-49379f4 elementor-widget elementor-widget-spacer\" data-id=\"49379f4\" data-element_type=\"widget\" data-e-type=\"widget\" data-widget_type=\"spacer.default\">\n\t\t\t\t<div class=\"elementor-widget-container\">\n\t\t\t\t\t\t\t<div class=\"elementor-spacer\">\n\t\t\t<div class=\"elementor-spacer-inner\"><\/div>\n\t\t<\/div>\n\t\t\t\t\t\t<\/div>\n\t\t\t\t<\/div>\n\t\t\t\t<div class=\"elementor-element elementor-element-0738d21 elementor-widget elementor-widget-heading\" data-id=\"0738d21\" data-element_type=\"widget\" data-e-type=\"widget\" data-widget_type=\"heading.default\">\n\t\t\t\t<div class=\"elementor-widget-container\">\n\t\t\t\t\t<h2 class=\"elementor-heading-title elementor-size-default\">Plaque professionnelle prestige<\/h2>\t\t\t\t<\/div>\n\t\t\t\t<\/div>\n\t\t\t\t<div class=\"elementor-element elementor-element-9f7eb96 elementor-widget elementor-widget-text-editor\" data-id=\"9f7eb96\" data-element_type=\"widget\" data-e-type=\"widget\" data-widget_type=\"text-editor.default\">\n\t\t\t\t<div class=\"elementor-widget-container\">\n\t\t\t\t\t\t\t\t\t<p><span style=\"color: #0000ff;\"><strong>Plaque prestige en plexiglass impression num\u00e9rique couleur c\u00f4t\u00e9 envers<\/strong><\/span><\/p><p><span style=\"color: #0000ff;\"><strong>20 x 30 cm<\/strong><\/span><\/p><p>aspect brillant permanent, la face avant est compl\u00e8tement lisse, sans entretien, pour l&rsquo;int\u00e9rieur ou l&rsquo;ext\u00e9rieur.<\/p>\t\t\t\t\t\t\t\t<\/div>\n\t\t\t\t<\/div>\n\t\t\t\t<div class=\"elementor-element elementor-element-993e9fe elementor-widget elementor-widget-image\" data-id=\"993e9fe\" data-element_type=\"widget\" data-e-type=\"widget\" data-widget_type=\"image.default\">\n\t\t\t\t<div class=\"elementor-widget-container\">\n\t\t\t\t\t\t\t\t\t\t\t\t\t\t\t<img data-opt-id=1575640469  loading=\"lazy\" decoding=\"async\" width=\"320\" height=\"217\" src=\"https:\/\/ml1ap7ge16lj.i.optimole.com\/cb:crSG~56220\/w:320\/h:217\/q:mauto\/f:best\/https:\/\/alsaprint.fr\/imprimerie\/wp-content\/uploads\/2020\/04\/gravure-plaque-pro-dta.png\" class=\"attachment-large size-large wp-image-518\" alt=\"alsaprint-plaque-professionnelle\" srcset=\"https:\/\/ml1ap7ge16lj.i.optimole.com\/cb:crSG~56220\/w:320\/h:217\/q:mauto\/f:best\/https:\/\/alsaprint.fr\/imprimerie\/wp-content\/uploads\/2020\/04\/gravure-plaque-pro-dta.png 320w, https:\/\/ml1ap7ge16lj.i.optimole.com\/cb:crSG~56220\/w:300\/h:203\/q:mauto\/f:best\/https:\/\/alsaprint.fr\/imprimerie\/wp-content\/uploads\/2020\/04\/gravure-plaque-pro-dta.png 300w\" sizes=\"(max-width: 320px) 100vw, 320px\" \/>\t\t\t\t\t\t\t\t\t\t\t\t\t\t\t<\/div>\n\t\t\t\t<\/div>\n\t\t\t\t\t<\/div>\n\t\t<\/div>\n\t\t\t\t\t<\/div>\n\t\t<\/section>\n\t\t\t\t<\/div>\n\t\t","protected":false},"excerpt":{"rendered":"<p>Toute votre signal\u00e9tique grav\u00e9e sur mesure en petites et moyennes s\u00e9ries pour le professionnel et le particulier Pas de quantit\u00e9 [&hellip;]<\/p>\n","protected":false},"author":1,"featured_media":0,"parent":0,"menu_order":0,"comment_status":"closed","ping_status":"closed","template":"","meta":{"_acf_changed":false,"footnotes":""},"class_list":["post-326","page","type-page","status-publish","hentry"],"acf":[],"yoast_head":"<!-- This site is optimized with the Yoast SEO plugin v27.5 - https:\/\/yoast.com\/product\/yoast-seo-wordpress\/ -->\n<title>Signal\u00e9tique et Gravure - ALSAPRINT Imprimerie \u00e0 Mulhouse - Kingersheim<\/title>\n<meta name=\"robots\" content=\"noindex, follow\" \/>\n<meta property=\"og:locale\" content=\"fr_FR\" \/>\n<meta property=\"og:type\" content=\"article\" \/>\n<meta property=\"og:title\" content=\"Signal\u00e9tique et Gravure - ALSAPRINT Imprimerie \u00e0 Mulhouse - Kingersheim\" \/>\n<meta property=\"og:description\" content=\"Toute votre signal\u00e9tique grav\u00e9e sur mesure en petites et moyennes s\u00e9ries pour le professionnel et le particulier Pas de quantit\u00e9 [&hellip;]\" \/>\n<meta property=\"og:url\" content=\"https:\/\/alsaprint.fr\/imprimerie\/signaletique-et-gravure\/\" \/>\n<meta property=\"og:site_name\" content=\"ALSAPRINT Imprimerie \u00e0 Mulhouse - Kingersheim\" \/>\n<meta property=\"article:publisher\" content=\"https:\/\/www.facebook.com\/alsaprint68\" \/>\n<meta property=\"article:modified_time\" content=\"2020-04-15T09:30:33+00:00\" \/>\n<meta property=\"og:image\" content=\"https:\/\/ml1ap7ge16lj.i.optimole.com\/cb:crSG~56220\/w:auto\/h:auto\/q:mauto\/f:best\/https:\/\/alsaprint.fr\/imprimerie\/wp-content\/uploads\/2020\/04\/gravure.jpg\" \/>\n<meta name=\"twitter:card\" content=\"summary_large_image\" \/>\n<meta name=\"twitter:label1\" content=\"Dur\u00e9e de lecture estim\u00e9e\" \/>\n\t<meta name=\"twitter:data1\" content=\"2 minutes\" \/>\n<script type=\"application\/ld+json\" class=\"yoast-schema-graph\">{\"@context\":\"https:\\\/\\\/schema.org\",\"@graph\":[{\"@type\":\"WebPage\",\"@id\":\"https:\\\/\\\/alsaprint.fr\\\/imprimerie\\\/signaletique-et-gravure\\\/\",\"url\":\"https:\\\/\\\/alsaprint.fr\\\/imprimerie\\\/signaletique-et-gravure\\\/\",\"name\":\"Signal\u00e9tique et Gravure - ALSAPRINT Imprimerie \u00e0 Mulhouse - Kingersheim\",\"isPartOf\":{\"@id\":\"https:\\\/\\\/alsaprint.fr\\\/imprimerie\\\/#website\"},\"primaryImageOfPage\":{\"@id\":\"https:\\\/\\\/alsaprint.fr\\\/imprimerie\\\/signaletique-et-gravure\\\/#primaryimage\"},\"image\":{\"@id\":\"https:\\\/\\\/alsaprint.fr\\\/imprimerie\\\/signaletique-et-gravure\\\/#primaryimage\"},\"thumbnailUrl\":\"http:\\/\\/alsaprint.fr\\/imprimerie\\/wp-content\\/uploads\\/2020\\/04\\/gravure.jpg\",\"datePublished\":\"2020-04-04T14:59:49+00:00\",\"dateModified\":\"2020-04-15T09:30:33+00:00\",\"breadcrumb\":{\"@id\":\"https:\\\/\\\/alsaprint.fr\\\/imprimerie\\\/signaletique-et-gravure\\\/#breadcrumb\"},\"inLanguage\":\"fr-FR\",\"potentialAction\":[{\"@type\":\"ReadAction\",\"target\":[\"https:\\\/\\\/alsaprint.fr\\\/imprimerie\\\/signaletique-et-gravure\\\/\"]}]},{\"@type\":\"ImageObject\",\"inLanguage\":\"fr-FR\",\"@id\":\"https:\\\/\\\/alsaprint.fr\\\/imprimerie\\\/signaletique-et-gravure\\\/#primaryimage\",\"url\":\"https:\\/\\/alsaprint.fr\\/imprimerie\\/wp-content\\/uploads\\/2020\\/04\\/gravure.jpg\",\"contentUrl\":\"https:\\/\\/alsaprint.fr\\/imprimerie\\/wp-content\\/uploads\\/2020\\/04\\/gravure.jpg\",\"width\":800,\"height\":445,\"caption\":\"alsaprint-gravure\"},{\"@type\":\"BreadcrumbList\",\"@id\":\"https:\\\/\\\/alsaprint.fr\\\/imprimerie\\\/signaletique-et-gravure\\\/#breadcrumb\",\"itemListElement\":[{\"@type\":\"ListItem\",\"position\":1,\"name\":\"Accueil\",\"item\":\"https:\\\/\\\/alsaprint.fr\\\/imprimerie\\\/\"},{\"@type\":\"ListItem\",\"position\":2,\"name\":\"Signal\u00e9tique et Gravure\"}]},{\"@type\":\"WebSite\",\"@id\":\"https:\\\/\\\/alsaprint.fr\\\/imprimerie\\\/#website\",\"url\":\"https:\\\/\\\/alsaprint.fr\\\/imprimerie\\\/\",\"name\":\"ALSAPRINT Imprimerie \u00e0 Kingersheim\",\"description\":\"Impression tout support \u00e0 Mulhouse\",\"publisher\":{\"@id\":\"https:\\\/\\\/alsaprint.fr\\\/imprimerie\\\/#organization\"},\"potentialAction\":[{\"@type\":\"SearchAction\",\"target\":{\"@type\":\"EntryPoint\",\"urlTemplate\":\"https:\\\/\\\/alsaprint.fr\\\/imprimerie\\\/?s={search_term_string}\"},\"query-input\":{\"@type\":\"PropertyValueSpecification\",\"valueRequired\":true,\"valueName\":\"search_term_string\"}}],\"inLanguage\":\"fr-FR\"},{\"@type\":\"Organization\",\"@id\":\"https:\\\/\\\/alsaprint.fr\\\/imprimerie\\\/#organization\",\"name\":\"Alsaprint.fr\",\"url\":\"https:\\\/\\\/alsaprint.fr\\\/imprimerie\\\/\",\"logo\":{\"@type\":\"ImageObject\",\"inLanguage\":\"fr-FR\",\"@id\":\"https:\\\/\\\/alsaprint.fr\\\/imprimerie\\\/#\\\/schema\\\/logo\\\/image\\\/\",\"url\":\"https:\\/\\/ml1ap7ge16lj.i.optimole.com\\/8vL0WF0.crSG~56220\\/w:453\\/h:131\\/q:auto\\/https:\\/\\/alsaprint.fr\\/imprimerie\\/wp-content\\/uploads\\/2020\\/04\\/LOGO-2020-noir.png\",\"contentUrl\":\"https:\\/\\/ml1ap7ge16lj.i.optimole.com\\/8vL0WF0.crSG~56220\\/w:453\\/h:131\\/q:auto\\/https:\\/\\/alsaprint.fr\\/imprimerie\\/wp-content\\/uploads\\/2020\\/04\\/LOGO-2020-noir.png\",\"width\":453,\"height\":131,\"caption\":\"Alsaprint.fr\"},\"image\":{\"@id\":\"https:\\\/\\\/alsaprint.fr\\\/imprimerie\\\/#\\\/schema\\\/logo\\\/image\\\/\"},\"sameAs\":[\"https:\\\/\\\/www.facebook.com\\\/alsaprint68\",\"https:\\\/\\\/www.linkedin.com\\\/company\\\/alsaprint\\\/\"]}]}<\/script>\n<!-- \/ Yoast SEO plugin. -->","yoast_head_json":{"title":"Signal\u00e9tique et Gravure - ALSAPRINT Imprimerie \u00e0 Mulhouse - Kingersheim","robots":{"index":"noindex","follow":"follow"},"og_locale":"fr_FR","og_type":"article","og_title":"Signal\u00e9tique et Gravure - ALSAPRINT Imprimerie \u00e0 Mulhouse - Kingersheim","og_description":"Toute votre signal\u00e9tique grav\u00e9e sur mesure en petites et moyennes s\u00e9ries pour le professionnel et le particulier Pas de quantit\u00e9 [&hellip;]","og_url":"https:\/\/alsaprint.fr\/imprimerie\/signaletique-et-gravure\/","og_site_name":"ALSAPRINT Imprimerie \u00e0 Mulhouse - Kingersheim","article_publisher":"https:\/\/www.facebook.com\/alsaprint68","article_modified_time":"2020-04-15T09:30:33+00:00","og_image":[{"url":"https:\/\/ml1ap7ge16lj.i.optimole.com\/cb:crSG~56220\/w:auto\/h:auto\/q:mauto\/f:best\/https:\/\/alsaprint.fr\/imprimerie\/wp-content\/uploads\/2020\/04\/gravure.jpg","type":"","width":"","height":""}],"twitter_card":"summary_large_image","twitter_misc":{"Dur\u00e9e de lecture estim\u00e9e":"2 minutes"},"schema":{"@context":"https:\/\/schema.org","@graph":[{"@type":"WebPage","@id":"https:\/\/alsaprint.fr\/imprimerie\/signaletique-et-gravure\/","url":"https:\/\/alsaprint.fr\/imprimerie\/signaletique-et-gravure\/","name":"Signal\u00e9tique et Gravure - ALSAPRINT Imprimerie \u00e0 Mulhouse - Kingersheim","isPartOf":{"@id":"https:\/\/alsaprint.fr\/imprimerie\/#website"},"primaryImageOfPage":{"@id":"https:\/\/alsaprint.fr\/imprimerie\/signaletique-et-gravure\/#primaryimage"},"image":{"@id":"https:\/\/alsaprint.fr\/imprimerie\/signaletique-et-gravure\/#primaryimage"},"thumbnailUrl":"https:\/\/ml1ap7ge16lj.i.optimole.com\/cb:crSG~56220\/w:auto\/h:auto\/q:mauto\/f:best\/https:\/\/alsaprint.fr\/imprimerie\/wp-content\/uploads\/2020\/04\/gravure.jpg","datePublished":"2020-04-04T14:59:49+00:00","dateModified":"2020-04-15T09:30:33+00:00","breadcrumb":{"@id":"https:\/\/alsaprint.fr\/imprimerie\/signaletique-et-gravure\/#breadcrumb"},"inLanguage":"fr-FR","potentialAction":[{"@type":"ReadAction","target":["https:\/\/alsaprint.fr\/imprimerie\/signaletique-et-gravure\/"]}]},{"@type":"ImageObject","inLanguage":"fr-FR","@id":"https:\/\/alsaprint.fr\/imprimerie\/signaletique-et-gravure\/#primaryimage","url":"https:\/\/ml1ap7ge16lj.i.optimole.com\/cb:crSG~56220\/w:auto\/h:auto\/q:mauto\/f:best\/https:\/\/alsaprint.fr\/imprimerie\/wp-content\/uploads\/2020\/04\/gravure.jpg","contentUrl":"https:\/\/ml1ap7ge16lj.i.optimole.com\/cb:crSG~56220\/w:auto\/h:auto\/q:mauto\/f:best\/https:\/\/alsaprint.fr\/imprimerie\/wp-content\/uploads\/2020\/04\/gravure.jpg","width":800,"height":445,"caption":"alsaprint-gravure"},{"@type":"BreadcrumbList","@id":"https:\/\/alsaprint.fr\/imprimerie\/signaletique-et-gravure\/#breadcrumb","itemListElement":[{"@type":"ListItem","position":1,"name":"Accueil","item":"https:\/\/alsaprint.fr\/imprimerie\/"},{"@type":"ListItem","position":2,"name":"Signal\u00e9tique et Gravure"}]},{"@type":"WebSite","@id":"https:\/\/alsaprint.fr\/imprimerie\/#website","url":"https:\/\/alsaprint.fr\/imprimerie\/","name":"ALSAPRINT Imprimerie \u00e0 Kingersheim","description":"Impression tout support \u00e0 Mulhouse","publisher":{"@id":"https:\/\/alsaprint.fr\/imprimerie\/#organization"},"potentialAction":[{"@type":"SearchAction","target":{"@type":"EntryPoint","urlTemplate":"https:\/\/alsaprint.fr\/imprimerie\/?s={search_term_string}"},"query-input":{"@type":"PropertyValueSpecification","valueRequired":true,"valueName":"search_term_string"}}],"inLanguage":"fr-FR"},{"@type":"Organization","@id":"https:\/\/alsaprint.fr\/imprimerie\/#organization","name":"Alsaprint.fr","url":"https:\/\/alsaprint.fr\/imprimerie\/","logo":{"@type":"ImageObject","inLanguage":"fr-FR","@id":"https:\/\/alsaprint.fr\/imprimerie\/#\/schema\/logo\/image\/","url":"https:\/\/ml1ap7ge16lj.i.optimole.com\/8vL0WF0.crSG~56220\/w:453\/h:131\/q:auto\/https:\/\/alsaprint.fr\/imprimerie\/wp-content\/uploads\/2020\/04\/LOGO-2020-noir.png","contentUrl":"https:\/\/ml1ap7ge16lj.i.optimole.com\/8vL0WF0.crSG~56220\/w:453\/h:131\/q:auto\/https:\/\/alsaprint.fr\/imprimerie\/wp-content\/uploads\/2020\/04\/LOGO-2020-noir.png","width":453,"height":131,"caption":"Alsaprint.fr"},"image":{"@id":"https:\/\/alsaprint.fr\/imprimerie\/#\/schema\/logo\/image\/"},"sameAs":["https:\/\/www.facebook.com\/alsaprint68","https:\/\/www.linkedin.com\/company\/alsaprint\/"]}]}},"_links":{"self":[{"href":"https:\/\/alsaprint.fr\/imprimerie\/wp-json\/wp\/v2\/pages\/326","targetHints":{"allow":["GET"]}}],"collection":[{"href":"https:\/\/alsaprint.fr\/imprimerie\/wp-json\/wp\/v2\/pages"}],"about":[{"href":"https:\/\/alsaprint.fr\/imprimerie\/wp-json\/wp\/v2\/types\/page"}],"author":[{"embeddable":true,"href":"https:\/\/alsaprint.fr\/imprimerie\/wp-json\/wp\/v2\/users\/1"}],"replies":[{"embeddable":true,"href":"https:\/\/alsaprint.fr\/imprimerie\/wp-json\/wp\/v2\/comments?post=326"}],"version-history":[{"count":3,"href":"https:\/\/alsaprint.fr\/imprimerie\/wp-json\/wp\/v2\/pages\/326\/revisions"}],"predecessor-version":[{"id":655,"href":"https:\/\/alsaprint.fr\/imprimerie\/wp-json\/wp\/v2\/pages\/326\/revisions\/655"}],"wp:attachment":[{"href":"https:\/\/alsaprint.fr\/imprimerie\/wp-json\/wp\/v2\/media?parent=326"}],"curies":[{"name":"wp","href":"https:\/\/api.w.org\/{rel}","templated":true}]}}